{"id":2164,"date":"2021-02-15T00:21:21","date_gmt":"2021-02-14T23:21:21","guid":{"rendered":"https:\/\/seii.org\/?page_id=2164"},"modified":"2023-06-21T22:46:52","modified_gmt":"2023-06-21T20:46:52","slug":"liens-web-2","status":"publish","type":"page","link":"https:\/\/seii.org\/en\/liens-web-2\/","title":{"rendered":"Liens Web"},"content":{"rendered":"<div class=\"wpb-content-wrapper\"><p>[vc_row][vc_column][vc_column_text]<\/p>\n<h1 style=\"text-align: center;\"><strong>Liens vers les sites de &#8220;l&#8217;\u00e9cosyst\u00e8me industriel&#8221; pouvant pr\u00e9senter un int\u00e9r\u00eat pour nos membres<\/strong><\/h1>\n<p>[\/vc_column_text][\/vc_column][\/vc_row][vc_row][vc_column]\n\t<!-- Element: OT Heading --> \t \n\t<h2 class=\"ot_custom_heading  \" style=\"text-align: center;\" >SITES D'INTERET GENERAL<\/h2>\t\n[\/vc_column][\/vc_row][vc_row][vc_column][vc_column_text][\/vc_column_text][\/vc_column][\/vc_row][vc_row][vc_column][vc_column_text]La\u00a0<span style=\"color: #00ccff;\"><strong><a style=\"color: #00ccff;\" href=\"https:\/\/www.feb.be\/qui-nous-sommes\/federations-sectorielles\/\" target=\"_blank\" rel=\"noopener noreferrer\">FEB<\/a><\/strong>\u00a0<\/span> regroupe plus de 50 f\u00e9d\u00e9rations professionnelles sectorielles. Elles repr\u00e9sentent au total plus de 50.000 entreprises et cette repr\u00e9sentativit\u00e9 peut \u00eatre \u00e9valu\u00e9e \u00e0 quelque 80% de l\u2019emploi dans le secteur priv\u00e9.[\/vc_column_text][\/vc_column][\/vc_row][vc_row][vc_column][vc_column_text]<a href=\"https:\/\/www.agoria.be\/\" target=\"_blank\" rel=\"noopener noreferrer\"><strong><span style=\"color: #00ccff;\">Agoria<\/span><\/strong><\/a> ouvre la voie \u00e0 toutes les entreprises de Belgique que la technologie inspire et qui am\u00e9liorent notre qualit\u00e9 de vie gr\u00e2ce au d\u00e9veloppement et \u00e0 la mise en oeuvre d&#8217;innovations technologiques. <b>&#8221; Improving quality of life &#8220;<\/b>, telle est notre devise.[\/vc_column_text][\/vc_column][\/vc_row][vc_row][vc_column][vc_column_text]<strong><a href=\"https:\/\/www.ori.be\/fr\/\" target=\"_blank\" rel=\"noopener noreferrer\"><span style=\"color: #00ccff;\">ORI<\/span><\/a><\/strong> est l&#8217;organisation sectorielle des bureaux d&#8217;ing\u00e9nierie et de conseil en Belgique. Elle organise, repr\u00e9sente et informe plus de 3500 professionnels, qui sont actifs dans des projets publics et priv\u00e9s, dans diff\u00e9rents domaines, tels que <strong>les b\u00e2timents, l&#8217;infrastructure, le d\u00e9veloppement urbain, l&#8217;environnement et l&#8217;industrie<\/strong>. Leurs services sp\u00e9cialis\u00e9s consistent en des missions de <strong>conception, d&#8217;ing\u00e9nierie, d&#8217;\u00e9tude et de conseil.<\/strong>[\/vc_column_text][\/vc_column][\/vc_row][vc_row][vc_column][vc_column_text]<span class=\"s1\">The<strong>\u00a0<span style=\"color: #00ccff;\"><a style=\"color: #00ccff;\" href=\"https:\/\/cbl-acp.be\/\" target=\"_blank\" rel=\"noopener noreferrer\">CBL-ACP<\/a><\/span><\/strong> pursues the following objective : <\/span><span class=\"s1\">the development of a favourable relationship between Belgium &amp; Luxembourg and the countries of Africa, the Caribbean and the Pacific to stimulate industrial, technological, commercial, agricultural and cultural exchanges.<\/span>[\/vc_column_text][\/vc_column][\/vc_row][vc_row][vc_column][vc_column_text]Le site\u00a0<a href=\"https:\/\/www.europeanscientist.com\/en\/\" target=\"_blank\" rel=\"noopener noreferrer\"><strong><span style=\"color: #00ccff;\">European Scientist<\/span><\/strong><\/a> donne la parole aux chercheurs et aux experts qui souhaitent expliquer \u00e0 nos concitoyens les tenants et les aboutissants des d\u00e9bats scientifiques qui ont lieu en Europe.[\/vc_column_text][\/vc_column][\/vc_row][vc_row][vc_column][vc_column_text]la vie de\u00a0\u00a0<span style=\"color: #00ccff;\"><strong><a style=\"color: #00ccff;\" href=\"https:\/\/www.loikleflochprigent.fr\/\" target=\"_blank\" rel=\"noopener noreferrer\">Lo\u00efk Le Floch-Prigent<\/a><\/strong><\/span> , ex-PDG d&#8217;Elf Aquitaine et de la SNCF, a l&#8217;<strong>Industrie<\/strong> pour fil conducteur \u00e0 travers les diff\u00e9rentes multinationales fran\u00e7aises qu\u2019il a pr\u00e9sid\u00e9es.[\/vc_column_text][\/vc_column][\/vc_row][vc_row][vc_column]\n\t<!-- Element: OT Heading --> \t \n\t<h2 class=\"ot_custom_heading  \" style=\"text-align: center;\" >ENERGIE<\/h2>\t\n[\/vc_column][\/vc_row][vc_row][vc_column][vc_column_text]<span style=\"color: #00ccff;\"><strong><a style=\"color: #00ccff;\" href=\"https:\/\/www.connaissancedesenergies.org\/\" target=\"_blank\" rel=\"noopener noreferrer\">Connaissances des \u00c9nergies<\/a><\/strong> <\/span>a pour objectif de favoriser la connaissance des \u00e9nergies aupr\u00e8s du grand public. Nous nous employons \u00e0 r\u00e9diger, s\u00e9lectionner et diffuser des contenus pertinents sur les \u00e9nergies, quelles qu&#8217;elles soient, avec une volont\u00e9 de p\u00e9dagogie et d&#8217;acc\u00e8s au plus grand nombre.[\/vc_column_text][\/vc_column][\/vc_row][vc_row][vc_column][vc_column_text]<strong><a href=\"https:\/\/www.larevuedelenergie.com\/\" target=\"_blank\" rel=\"noopener noreferrer\"><span style=\"color: #00ccff;\">La Revue de l\u2019\u00c9nergie<\/span><\/a> <\/strong>est \u00e9dit\u00e9e par le Conseil Fran\u00e7ais de l\u2019\u00c9nergie, association d\u2019utilit\u00e9 publique dont l\u2019objectif est de promouvoir la fourniture et l\u2019utilisation durables de l\u2019\u00e9nergie pour le plus grand bien de tous.[\/vc_column_text][\/vc_column][\/vc_row][vc_row][vc_column][vc_column_text]<span style=\"color: #00ccff;\"><strong><a style=\"color: #00ccff;\" href=\"https:\/\/www.science-climat-energie.be\" target=\"_blank\" rel=\"noopener noreferrer\">Science, Climat, \u00c9nergie<\/a><\/strong><\/span> est anim\u00e9 par des scientifiques belges, Professeurs ou Professeurs \u00e9m\u00e9rites issus de diverses universit\u00e9s qui, ensemble, couvrent plusieurs domaines de la science : biologie, chimie, g\u00e9ologie, physique et math\u00e9matiques. Leur but est d&#8217;expliciter les th\u00e9ories scientifiques les plus v\u00e9hicul\u00e9es dans les m\u00e9dias et combattre les id\u00e9es re\u00e7ues. Aucune th\u00e9orie n\u2019est parfaite et il convient de pr\u00e9senter les limites de ces th\u00e9ories.[\/vc_column_text][\/vc_column][\/vc_row][vc_row][vc_column][vc_column_text]<strong><a href=\"https:\/\/www.petrolfed.be\/\" target=\"_blank\" rel=\"noopener noreferrer\"><span style=\"color: #00ccff;\">FPB<\/span><\/a> <\/strong>site de la F\u00e9d\u00e9ration P\u00e9troli\u00e8re Belge, f\u00e9d\u00e9ration sectorielle et porte-parole officiel des principales soci\u00e9t\u00e9s p\u00e9troli\u00e8res actives dans le raffinage, la distribution et le stockage de produits p\u00e9troliers en Belgique.[\/vc_column_text][\/vc_column][\/vc_row][vc_row][vc_column][vc_column_text]La <strong><a href=\"https:\/\/www.febeg.be\/\" target=\"_blank\" rel=\"noopener noreferrer\"><span style=\"color: #00ccff;\">FEBEG<\/span><\/a><\/strong> repr\u00e9sente les producteurs d\u2019\u00e9lectricit\u00e9, les n\u00e9gociants et fournisseurs d\u2019\u00e9lectricit\u00e9 et de gaz, ainsi que les laboratoires du secteur de l\u2019\u00e9lectricit\u00e9 et du gaz. Elle compte 33 membres effectifs, qui, ensemble, emploient pr\u00e8s de 7.700 personnes et r\u00e9alisent un chiffre d\u2019affaires avoisinant les 17,7 milliards d\u2019EUR (2019).[\/vc_column_text][\/vc_column][\/vc_row][vc_row][vc_column][vc_column_text]<span style=\"color: #00ccff;\"><strong><a style=\"color: #00ccff;\" href=\"https:\/\/www.naturalgasworld.com\/\" target=\"_blank\" rel=\"noopener noreferrer\">Natural Gas World<\/a><\/strong><\/span>\u00a0 presents Global Gas Perspectives and provides academics, experts and researchers as well as respected stakeholders, the opportunity to present their qualified views on natural gas matters related to resource policy and development, geo-strategic\/political aspects, energy security, and environmental issues and technology developments.[\/vc_column_text][\/vc_column][\/vc_row][vc_row][vc_column][vc_column_text]Le site de <span style=\"color: #000000;\"><strong>Synergrid<\/strong><\/span>, la f\u00e9d\u00e9ration des gestionnaires de r\u00e9seaux \u00e9lectricit\u00e9 et gaz en Belgique.\u00a0 (<em>Cette adresse n&#8217;\u00e9tant pas s\u00e9curis\u00e9e, il n&#8217;y a pas de lien direct vers ce site. Pour y acc\u00e9der, il faut recopier l&#8217;adresse &#8220;http:\/\/www.synergrid.be&#8221; dans un nouvel onglet<\/em>).[\/vc_column_text][\/vc_column][\/vc_row][vc_row][vc_column][vc_column_text]<strong>FEBELIEC<\/strong>, la \u201cFederation of Belgian Industrial Energy Consumers\u201d\u00a0 d\u00e9fend les int\u00e9r\u00eats sp\u00e9cifiques des <strong>consommateurs industriels<\/strong> d\u2019\u00e9lectricit\u00e9 et de gaz naturel pour lesquels le co\u00fbt de l\u2019\u00e9nergie constitue un facteur important de comp\u00e9titivit\u00e9 et de maintien de l\u2019emploi.\u00a0 (<em>Cette adresse n&#8217;\u00e9tant pas s\u00e9curis\u00e9e, il n&#8217;y a pas de lien direct vers ce site. Pour y acc\u00e9der, il faut recopier l&#8217;adresse &#8220;http:\/\/www.febeliec.be&#8221; dans un nouvel onglet<\/em>).[\/vc_column_text][\/vc_column][\/vc_row][vc_row][vc_column][vc_column_text]<strong><span style=\"color: #00ccff;\"><a style=\"color: #00ccff;\" href=\"https:\/\/www.100twh.be\/\" target=\"_blank\" rel=\"noopener noreferrer\">100TWH<\/a><\/span> :<\/strong> Nuclear power plants in Belgium are responsible for the production of the majority of our electrical power.[\/vc_column_text][\/vc_column][\/vc_row][vc_row][vc_column][vc_column_text]<span style=\"color: #00ccff;\"><strong><a style=\"color: #00ccff;\" href=\"https:\/\/horizon238.org\/\" target=\"_blank\" rel=\"noopener noreferrer\">HORIZON238<\/a><\/strong><\/span>\u00a0: nous sommes ing\u00e9nieurs, passionn\u00e9s et convaincus par les promesses de l\u2019\u00e9nergie nucl\u00e9aire au service de la transition \u00e9nerg\u00e9tique et d\u2019un monde d\u00e9carbon\u00e9.[\/vc_column_text][\/vc_column][\/vc_row][vc_row][vc_column][vc_column_text]Le\u00a0<strong><a href=\"https:\/\/www.forumnucleaire.be\/\" target=\"_blank\" rel=\"noopener noreferrer\"><span style=\"color: #00ccff;\">Forum nucl\u00e9aire belge<\/span><\/a><\/strong> regroupe la plupart des soci\u00e9t\u00e9s et organismes actifs dans le domaine des applications du nucl\u00e9aire. Le Forum Nucl\u00e9aire est un portail d\u2019information de r\u00e9f\u00e9rence sur la technologie nucl\u00e9aire, tant \u00e0 l\u2019\u00e9gard de la presse et du monde politique qu\u2019\u00e0 l\u2019\u00e9gard du grand public.[\/vc_column_text][\/vc_column][\/vc_row][vc_row][vc_column][vc_column_text]La\u00a0<span style=\"color: #00ccff;\"><strong><a style=\"color: #00ccff;\" href=\"https:\/\/www.sfen.org\/\" target=\"_blank\" rel=\"noopener noreferrer\">Soci\u00e9t\u00e9 fran\u00e7aise d\u2019\u00e9nergie nucl\u00e9aire<\/a><\/strong><\/span> (Sfen) est le carrefour fran\u00e7ais des connaissances sur l\u2019\u00e9nergie nucl\u00e9aire. Cr\u00e9\u00e9e en 1973, la Sfen a pour mission le d\u00e9veloppement des connaissances de toutes celles et ceux qui s\u2019int\u00e9ressent \u00e0 l\u2019\u00e9nergie nucl\u00e9aire. La Sfen rassemble 3 600 professionnels, ing\u00e9nieurs, techniciens, chimistes, m\u00e9decins, professeurs, et \u00e9tudiants, des sites industriels et des organismes de recherche nucl\u00e9aire fran\u00e7ais.[\/vc_column_text][\/vc_column][\/vc_row][vc_row][vc_column]\n\t<!-- Element: OT Heading --> \t \n\t<h2 class=\"ot_custom_heading  \" style=\"text-align: center;\" >CHIMIE PHARMACIE<\/h2>\t\n[\/vc_column][\/vc_row][vc_row][vc_column][vc_column_text]<span style=\"color: #00ccff;\"><strong><a style=\"color: #00ccff;\" href=\"https:\/\/www.essenscia.be\/\" target=\"_blank\" rel=\"noopener noreferrer\">essenscia<\/a><\/strong><\/span> est la f\u00e9d\u00e9ration belge du secteur de l\u2019<strong>industrie chimique<\/strong> et des <strong>sciences de la vie<\/strong> : plus de 720 entreprises actives dans la chimie, les mati\u00e8res plastiques, la pharma et les biotechs. La Belgique est <strong>championne du monde de la chimie et des mati\u00e8res plastiques en chiffre d\u2019affaires par habitant<\/strong> et est un <strong>leader europ\u00e9en<\/strong> dans le d\u00e9veloppement de nouveaux m\u00e9dicaments, principalement contre le cancer. La biotechnologie belge a une renomm\u00e9e mondiale.[\/vc_column_text][\/vc_column][\/vc_row][vc_row][vc_column][vc_column_text]<span style=\"color: #00ccff;\"><strong><span style=\"color: #00ccff;\"><a style=\"color: #00ccff;\" href=\"https:\/\/cefic.org\/\" target=\"_blank\" rel=\"noopener noreferrer\">Cefic<\/a><\/span> , <\/strong><\/span>the <strong>European Chemical Industry Council<\/strong>, founded in 1972, is the voice of large, medium and small chemical companies across Europe, which provide 1.2 million jobs and account for approximately about 15% of world chemicals production.<\/p>\n<div class=\"wp-block-spacer\" aria-hidden=\"true\"><\/div>\n<p>[\/vc_column_text][\/vc_column][\/vc_row][vc_row][vc_column]\n\t<!-- Element: OT Heading --> \t \n\t<h2 class=\"ot_custom_heading  \" style=\"text-align: center;\" >SIDERURGIE METALLURGIE<\/h2>\t\n[\/vc_column][\/vc_row][vc_row][vc_column][vc_column_text]Le <span style=\"color: #000000;\"><strong>GSV<\/strong> <\/span>(Groupement de la Sid\u00e9rurgie \u2013 Staalindustrie Verbond), est la f\u00e9d\u00e9ration professionnelle des entreprises sid\u00e9rurgiques ayant en Belgique des activit\u00e9s de production ou de transformation de l\u2019acier. (<em>Cette adresse n&#8217;\u00e9tant pas s\u00e9curis\u00e9e, il n&#8217;y a pas de lien direct vers ce site. Pour y acc\u00e9der, il faut recopier l&#8217;adresse &#8220;http:\/\/steelbel.be\/&#8221; dans un nouvel onglet<\/em>).[\/vc_column_text][\/vc_column][\/vc_row][vc_row][vc_column]\n\t<!-- Element: OT Heading --> \t \n\t<h2 class=\"ot_custom_heading  \" style=\"text-align: center;\" >CONSTRUCTION<\/h2>\t\n[\/vc_column][\/vc_row][vc_row][vc_column][vc_column_text]La\u00a0<span style=\"color: #00ccff;\"><strong><a style=\"color: #00ccff;\" href=\"https:\/\/cms.confederationconstruction.be\/index-fr.html\" target=\"_blank\" rel=\"noopener noreferrer\">Conf\u00e9d\u00e9ration Construction<\/a><\/strong><\/span> repr\u00e9sente, d\u00e9fend et soutient les entreprises de construction de Belgique, de toutes tailles et tous m\u00e9tiers : 15.000 entreprises affili\u00e9es au travers de 17 conf\u00e9d\u00e9rations locales et 19 f\u00e9d\u00e9rations professionnelles, 190.000 travailleurs actifs<strong>.<\/strong>[\/vc_column_text][\/vc_column][\/vc_row][vc_row][vc_column][vc_column_text]<span style=\"color: #00ccff;\"><strong><a style=\"color: #00ccff;\" href=\"https:\/\/www.febelcem.be\/\" target=\"_blank\" rel=\"noopener noreferrer\">FEBELCEM<\/a><\/strong> <\/span>la F\u00e9d\u00e9ration de l\u2019Industrie Cimenti\u00e8re Belge rassemble trois membres d\u2019envergure mondiale, CBR, CCB et Holcim qui commercialisent ensemble une vaste gamme de ciments. Ils produisent chaque ann\u00e9e environ 6.000.000 de tonnes de ciment gris pour un chiffre d\u2019affaires estim\u00e9 \u00e0 500 millions d\u2019euros.[\/vc_column_text][\/vc_column][\/vc_row][vc_row][vc_column][vc_column_text]La<span style=\"color: #00ccff;\">\u00a0<\/span><strong><a href=\"https:\/\/febe.be\/fr\" target=\"_blank\" rel=\"noopener noreferrer\"><span style=\"color: #00ccff;\">FEBE<\/span><\/a><\/strong> est la f\u00e9d\u00e9ration de l\u2019industrie belge du b\u00e9ton pr\u00e9fabriqu\u00e9 : 75 membres (110 si\u00e8ges de production), environ 6.000 travailleurs actifs. La vaste gamme de produits de l\u2019industrie du b\u00e9ton pr\u00e9fabriqu\u00e9 est destin\u00e9e au secteur de la construction au sens large. Tous sont \u00e9galement fabriqu\u00e9s en usine ou en atelier, en s\u00e9rie ou sur mesure.[\/vc_column_text][\/vc_column][\/vc_row][vc_row][vc_column]\n\t<!-- Element: OT Heading --> \t \n\t<h2 class=\"ot_custom_heading  \" style=\"text-align: center;\" >TRANSPORT<\/h2>\t\n[\/vc_column][\/vc_row][vc_row][vc_column][vc_column_text]La <span style=\"color: #00ccff;\"><a style=\"color: #00ccff;\" href=\"https:\/\/www.febiac.be\/\" target=\"_blank\" rel=\"noopener noreferrer\"><strong>FEBIAC <\/strong><\/a><\/span>(F\u00e9d\u00e9ration belge de l&#8217;industrie de l&#8217;automobile et du cycle ), avec plus de cent ann\u00e9es d&#8217;exp\u00e9rience, repr\u00e9sente les constructeurs et importateurs des moyens de transport sur route (voitures, v\u00e9hicules utilitaires, deux-roues motoris\u00e9s, v\u00e9los) en Belgique et au Luxembourg, et ce, tant sur le plan europ\u00e9en et international que f\u00e9d\u00e9ral et r\u00e9gional.[\/vc_column_text][\/vc_column][\/vc_row][vc_row][vc_column][vc_column_text]La <span style=\"color: #00ccff;\"><strong><a style=\"color: #00ccff;\" href=\"https:\/\/febetra.be\/fr\/\" target=\"_blank\" rel=\"noopener noreferrer\">FEBETRA<\/a> <\/strong><\/span>(F\u00e9d\u00e9ration royale belge des transporteurs et des prestataires de services logistiques ) \u0153uvre pour la d\u00e9fense des int\u00e9r\u00eats des transporteurs routiers belges de marchandises et des prestataires de services logistiques et compte 2000 membres.[\/vc_column_text][\/vc_column][\/vc_row][vc_row][vc_column][vc_column_text]La\u00a0\u00a0<span style=\"color: #00ccff;\"><strong><a style=\"color: #00ccff;\" href=\"https:\/\/www.wf-fe.be\/\" target=\"_blank\" rel=\"noopener noreferrer\">F\u00e9d\u00e9ration d&#8217;employeurs pour le commerce international, le transport et la logistique<\/a><\/strong><\/span>\u00a0 est partie signataire des conventions collectives de travail conclues au niveau du secteur et fournit, aux entreprises affili\u00e9es, des informations sp\u00e9cifiques dans le domaine social ainsi que des avis au sujet de la l\u00e9gislation sociale, de la l\u00e9gislation du travail et des conventions collectives de travail, elle compte 508 membres et 25.500 travailleurs actifs.<\/p>\n<p>[\/vc_column_text][\/vc_column][\/vc_row][vc_row][vc_column]\n\t<!-- Element: OT Heading --> \t \n\t<h2 class=\"ot_custom_heading  \" style=\"text-align: center;\" >COMMERCES et SERVICES<\/h2>\t\n[\/vc_column][\/vc_row][vc_row][vc_column][vc_column_text]<strong><span style=\"color: #00ccff;\"><a style=\"color: #00ccff;\" href=\"https:\/\/www.comeos.be\/\" target=\"_blank\" rel=\"noopener noreferrer\">Comeos<\/a><\/span>\u00a0 <\/strong>est le porte-parole du commerce et des services en Belgique,\u00a0 ses membres sont actifs au sein de dix-huit secteurs aussi bien dans le food que le non-food, dans le commerce de d\u00e9tail que de gros, vendent leurs produits et services aux entreprises ou directement aux consommateurs et compte environ 300.000 travailleurs actifs.[\/vc_column_text][\/vc_column][\/vc_row]<\/p>\n<\/div>","protected":false},"excerpt":{"rendered":"<p>[vc_row][vc_column][vc_column_text] Liens vers les sites de &#8220;l&#8217;\u00e9cosyst\u00e8me industriel&#8221; pouvant pr\u00e9senter un int\u00e9r\u00eat pour nos membres [\/vc_column_text][\/vc_column][\/vc_row][vc_row][vc_column][\/vc_column][\/vc_row][vc_row][vc_column][vc_column_text][\/vc_column_text][\/vc_column][\/vc_row][vc_row][vc_column][vc_column_text]La\u00a0FEB\u00a0 regroupe plus de 50 f\u00e9d\u00e9rations professionnelles sectorielles. Elles repr\u00e9sentent au total plus de 50.000 entreprises et cette repr\u00e9sentativit\u00e9 peut \u00eatre \u00e9valu\u00e9e \u00e0 quelque 80% de l\u2019emploi dans le secteur priv\u00e9.[\/vc_column_text][\/vc_column][\/vc_row][vc_row][vc_column][vc_column_text]Agoria ouvre la voie \u00e0 toutes les entreprises de Belgique [&hellip;]<\/p>\n","protected":false},"author":3,"featured_media":0,"parent":0,"menu_order":0,"comment_status":"closed","ping_status":"closed","template":"","meta":{"footnotes":""},"class_list":["post-2164","page","type-page","status-publish","hentry"],"_links":{"self":[{"href":"https:\/\/seii.org\/en\/wp-json\/wp\/v2\/pages\/2164","targetHints":{"allow":["GET"]}}],"collection":[{"href":"https:\/\/seii.org\/en\/wp-json\/wp\/v2\/pages"}],"about":[{"href":"https:\/\/seii.org\/en\/wp-json\/wp\/v2\/types\/page"}],"author":[{"embeddable":true,"href":"https:\/\/seii.org\/en\/wp-json\/wp\/v2\/users\/3"}],"replies":[{"embeddable":true,"href":"https:\/\/seii.org\/en\/wp-json\/wp\/v2\/comments?post=2164"}],"version-history":[{"count":0,"href":"https:\/\/seii.org\/en\/wp-json\/wp\/v2\/pages\/2164\/revisions"}],"wp:attachment":[{"href":"https:\/\/seii.org\/en\/wp-json\/wp\/v2\/media?parent=2164"}],"curies":[{"name":"wp","href":"https:\/\/api.w.org\/{rel}","templated":true}]}}